{"id":9682,"date":"2024-10-17T16:14:32","date_gmt":"2024-10-17T21:14:32","guid":{"rendered":"https:\/\/www.sedarauca.edu.co\/?page_id=9682"},"modified":"2025-03-10T14:28:26","modified_gmt":"2025-03-10T19:28:26","slug":"th-planta-y-personal","status":"publish","type":"page","link":"https:\/\/www.sedarauca.edu.co\/index.php\/th-planta-y-personal\/","title":{"rendered":"TH-Planta y Personal"},"content":{"rendered":"<p>[et_pb_section fb_built=\u00bb1&#8243; admin_label=\u00bbLanding Hero\u00bb _builder_version=\u00bb4.27.2&#8243; use_background_color_gradient=\u00bbon\u00bb background_color_gradient_stops=\u00bb#474ab6 0%|#9271f6 100%\u00bb background_color_gradient_start=\u00bb#474ab6&#8243; background_color_gradient_end=\u00bb#9271f6&#8243; background_image=\u00bbhttps:\/\/www.sedarauca.edu.co\/wp-content\/uploads\/2024\/10\/LogoPlantayPersonal-1.png\u00bb background_blend=\u00bboverlay\u00bb height=\u00bb320px\u00bb custom_padding=\u00bb100px|0px|100px|0px\u00bb animation_style=\u00bbslide\u00bb animation_direction=\u00bbtop\u00bb animation_intensity_slide=\u00bb2%\u00bb locked=\u00bboff\u00bb global_colors_info=\u00bb{}\u00bb][\/et_pb_section][et_pb_section fb_built=\u00bb1&#8243; specialty=\u00bbon\u00bb admin_label=\u00bbAll Courses\u00bb _builder_version=\u00bb4.27.2&#8243; custom_padding=\u00bb100px|0px|100px|0px\u00bb global_colors_info=\u00bb{}\u00bb][et_pb_column type=\u00bb1_3&#8243; _builder_version=\u00bb4.16&#8243; custom_padding=\u00bb|||\u00bb global_colors_info=\u00bb{}\u00bb parallax__hover=\u00bboff\u00bb parallax_method__hover=\u00bbon\u00bb custom_padding__hover=\u00bb|||\u00bb][et_pb_text _builder_version=\u00bb4.27.2&#8243; header_font=\u00bb||||||||\u00bb header_2_font=\u00bb|700|||||||\u00bb header_2_text_color=\u00bb#7272ff\u00bb header_2_font_size=\u00bb36px\u00bb header_2_line_height=\u00bb1.3em\u00bb custom_margin=\u00bb-20px||20px||false|false\u00bb custom_padding=\u00bb0px|||||\u00bb animation_style=\u00bbslide\u00bb animation_direction=\u00bbbottom\u00bb animation_intensity_slide=\u00bb10%\u00bb locked=\u00bboff\u00bb global_colors_info=\u00bb{}\u00bb header_font_size__hover=\u00bb30px\u00bb header_font_size__hover_enabled=\u00bb30px\u00bb header_letter_spacing__hover=\u00bb0px\u00bb header_letter_spacing__hover_enabled=\u00bb0px\u00bb header_text_shadow_style__hover=\u00bbnone\u00bb header_text_shadow_style__hover_enabled=\u00bbnone\u00bb header_text_shadow_color__hover=\u00bbrgba(0,0,0,0.4)\u00bb header_text_shadow_color__hover_enabled=\u00bbrgba(0,0,0,0.4)\u00bb]<\/p>\n<h2>Proceso Ordinario de Traslados<\/h2>\n<p>[\/et_pb_text][et_pb_divider color=\u00bb#09e1c0&#8243; divider_weight=\u00bb4px\u00bb disabled_on=\u00bbon|on|off\u00bb _builder_version=\u00bb4.16&#8243; background_size=\u00bbinitial\u00bb background_position=\u00bbtop_left\u00bb background_repeat=\u00bbrepeat\u00bb max_width=\u00bb40px\u00bb module_alignment=\u00bbleft\u00bb custom_margin=\u00bb||10px|\u00bb animation_style=\u00bbzoom\u00bb animation_direction=\u00bbleft\u00bb saved_tabs=\u00bball\u00bb locked=\u00bboff\u00bb global_colors_info=\u00bb{}\u00bb][\/et_pb_divider][et_pb_text _builder_version=\u00bb4.27.2&#8243; text_font=\u00bb||||||||\u00bb text_text_color=\u00bb#8585bd\u00bb text_font_size=\u00bb16px\u00bb text_line_height=\u00bb1.9em\u00bb header_font=\u00bb||||||||\u00bb header_4_font=\u00bb|700|||||||\u00bb header_4_font_size=\u00bb16px\u00bb header_4_line_height=\u00bb1.9em\u00bb custom_padding=\u00bb||0px|||\u00bb animation_style=\u00bbzoom\u00bb animation_intensity_zoom=\u00bb6%\u00bb locked=\u00bboff\u00bb global_colors_info=\u00bb{}\u00bb]<\/p>\n<p>El <strong>proceso de traslados de docentes en Colombia<\/strong> se regula bajo la normatividad del Ministerio de Educaci\u00f3n y tiene como objetivo garantizar una distribuci\u00f3n equitativa de los docentes en el territorio nacional, atendiendo las necesidades de las instituciones educativas. A continuaci\u00f3n, los aspectos clave de este proceso:<\/p>\n<h3><span style=\"color: rgba(51, 51, 51, 0.8);\">1. <strong>Convocatoria y requisitos<\/strong><\/span><\/h3>\n<p>El proceso de traslado se abre mediante una <strong>convocatoria<\/strong> anual o semestral, donde los docentes que cumplen con ciertos requisitos pueden solicitar su cambio a otra instituci\u00f3n educativa o municipio. Algunos de estos requisitos son:<\/p>\n<ul>\n<li>Tener un tiempo m\u00ednimo de permanencia (generalmente dos a\u00f1os) en su actual lugar de trabajo.<\/li>\n<li>No estar bajo sanci\u00f3n disciplinaria.<\/li>\n<li>Tener buenas evaluaciones de desempe\u00f1o.<\/li>\n<\/ul>\n<h3><span style=\"color: rgba(51, 51, 51, 0.8);\">2. <strong>Causales de traslado<\/strong><\/span><\/h3>\n<p>Los traslados pueden ser solicitados por distintas razones:<\/p>\n<ul>\n<li><strong>Motivos personales o familiares<\/strong>: cambio de domicilio, situaciones m\u00e9dicas de familiares, etc.<\/li>\n<li><strong>Necesidades del servicio<\/strong>: cuando la instituci\u00f3n educativa requiere m\u00e1s personal o se ajustan los recursos humanos seg\u00fan la matr\u00edcula y otras variables.<\/li>\n<li><strong>Por razones de seguridad<\/strong>: en caso de amenazas o riesgos en zonas con conflictos.<\/li>\n<\/ul>\n<h3><span style=\"color: rgba(51, 51, 51, 0.8);\">3. <strong>Solicitud<\/strong><\/span><\/h3>\n<p>El docente interesado debe presentar una <strong>solicitud formal<\/strong> a trav\u00e9s del Sistema Maestro o las instancias correspondientes en la Secretar\u00eda de Educaci\u00f3n, donde debe justificar su petici\u00f3n con la documentaci\u00f3n requerida.<\/p>\n<h3><span style=\"color: rgba(51, 51, 51, 0.8);\">4. <strong>Criterios de evaluaci\u00f3n<\/strong><\/span><\/h3>\n<p>Las Secretar\u00edas de Educaci\u00f3n eval\u00faan las solicitudes teniendo en cuenta:<\/p>\n<ul>\n<li>Las necesidades del servicio educativo en las zonas de origen y destino.<\/li>\n<li>El puntaje y antig\u00fcedad del docente.<\/li>\n<li>Los m\u00e9ritos o condiciones particulares que avalen la solicitud.<\/li>\n<li>La disponibilidad de vacantes en las instituciones solicitadas.<\/li>\n<\/ul>\n<h3><span style=\"color: rgba(51, 51, 51, 0.8);\">5. <strong>Asignaci\u00f3n<\/strong><\/span><\/h3>\n<p>Una vez evaluadas las solicitudes, las autoridades educativas publican los resultados. Si el traslado es aprobado, el docente recibe una nueva ubicaci\u00f3n. En este punto:<\/p>\n<ul>\n<li>Se establecen los t\u00e9rminos para el inicio de funciones en el nuevo lugar.<\/li>\n<li>Se coordina la entrega de documentos y dem\u00e1s requisitos administrativos.<\/li>\n<\/ul>\n<h3><span style=\"color: rgba(51, 51, 51, 0.8);\">6. <strong>Limitaciones<\/strong><\/span><\/h3>\n<p>No todos los traslados son aprobados, especialmente si no se justifican adecuadamente o si no hay vacantes disponibles en la instituci\u00f3n solicitada. Adem\u00e1s, el traslado no puede afectar negativamente la cobertura o calidad del servicio educativo en la instituci\u00f3n de origen.<\/p>\n<p>[\/et_pb_text][\/et_pb_column][et_pb_column type=\u00bb2_3&#8243; specialty_columns=\u00bb2&#8243; _builder_version=\u00bb4.16&#8243; custom_padding=\u00bb|||\u00bb global_colors_info=\u00bb{}\u00bb parallax__hover=\u00bboff\u00bb parallax_method__hover=\u00bbon\u00bb custom_padding__hover=\u00bb|||\u00bb][et_pb_row_inner gutter_width=\u00bb1&#8243; _builder_version=\u00bb4.21.0&#8243; custom_padding=\u00bb0px|0px|0px|0px\u00bb animation_style=\u00bbzoom\u00bb animation_intensity_zoom=\u00bb6%\u00bb box_shadow_style=\u00bbpreset1&#8243; box_shadow_vertical=\u00bb10px\u00bb box_shadow_blur=\u00bb60px\u00bb box_shadow_color=\u00bbrgba(71,74,182,0.12)\u00bb global_colors_info=\u00bb{}\u00bb][et_pb_column_inner saved_specialty_column_type=\u00bb2_3&#8243; module_class=\u00bbet_pb_column_1_2&#8243; _builder_version=\u00bb4.16&#8243; custom_padding=\u00bb|||\u00bb global_colors_info=\u00bb{}\u00bb parallax__hover=\u00bboff\u00bb parallax_method__hover=\u00bbon\u00bb module_class__hover=\u00bbet_pb_column_1_2&#8243; custom_padding__hover=\u00bb|||\u00bb][et_pb_blurb title=\u00bbProceso Ordinario de Traslados 2024&#8243; url_new_window=\u00bbon\u00bb image=\u00bbhttps:\/\/www.sedarauca.edu.co\/wp-content\/uploads\/2024\/10\/Traslados.png\u00bb icon_placement=\u00bbleft\u00bb image_icon_width=\u00bb64px\u00bb content_max_width=\u00bb1100px\u00bb _builder_version=\u00bb4.27.4&#8243; header_font=\u00bb|on|||\u00bb header_text_color=\u00bb#2e2545&#8243; header_line_height=\u00bb1.5em\u00bb body_text_color=\u00bb#8585bd\u00bb body_line_height=\u00bb1.9em\u00bb background_color=\u00bb#ffffff\u00bb custom_margin=\u00bb|||\u00bb custom_padding=\u00bb30px|30px|30px|30px\u00bb animation_style=\u00bbzoom\u00bb animation_direction=\u00bbbottom\u00bb animation_intensity_zoom=\u00bb20%\u00bb animation_starting_opacity=\u00bb100%\u00bb link_option_url_new_window=\u00bbon\u00bb box_shadow_style=\u00bbpreset7&#8243; box_shadow_horizontal=\u00bb-1px\u00bb box_shadow_vertical=\u00bb-1px\u00bb box_shadow_color=\u00bbrgba(71,74,182,0.12)\u00bb image_max_width=\u00bb64px\u00bb locked=\u00bboff\u00bb global_colors_info=\u00bb{}\u00bb]<\/p>\n<p style=\"text-align: justify;\">En el departamento de Arauca se emiti\u00f3 la <strong>Resoluci\u00f3n 3565 de 2024<\/strong> por la cual se convoca el proceso ordinario de traslado de doentes y directivos docentes estatales con derechos de carrera que laboran en instituciones educativas del departamento de Arauca.<\/p>\n<p>[\/et_pb_blurb][\/et_pb_column_inner][\/et_pb_row_inner][et_pb_row_inner _builder_version=\u00bb4.27.2&#8243; _module_preset=\u00bbdefault\u00bb link_option_url=\u00bbhttps:\/\/www.sedarauca.edu.co\/wp-content\/uploads\/2024\/10\/RESOLUCION-3565-DE-2024-SE-CONVOCA-AL-PROCESO-ORDINARIO-DE-TRASLADO-DE-DOCENTES-Y-DIRECTIVOS-DOCENTES-2025.pdf\u00bb link_option_url_new_window=\u00bbon\u00bb global_colors_info=\u00bb{}\u00bb][et_pb_column_inner saved_specialty_column_type=\u00bb2_3&#8243; _builder_version=\u00bb4.27.2&#8243; _module_preset=\u00bbdefault\u00bb global_colors_info=\u00bb{}\u00bb][et_pb_code _builder_version=\u00bb4.27.2&#8243; _module_preset=\u00bbdefault\u00bb link_option_url=\u00bbhttps:\/\/www.sedarauca.edu.co\/wp-content\/uploads\/2024\/10\/RESOLUCION-3565-DE-2024-SE-CONVOCA-AL-PROCESO-ORDINARIO-DE-TRASLADO-DE-DOCENTES-Y-DIRECTIVOS-DOCENTES-2025.pdf\u00bb link_option_url_new_window=\u00bbon\u00bb global_colors_info=\u00bb{}\u00bb]<a href=\"https:\/\/www.sedarauca.edu.co\/wp-content\/uploads\/2024\/10\/RESOLUCION-3565-DE-2024-SE-CONVOCA-AL-PROCESO-ORDINARIO-DE-TRASLADO-DE-DOCENTES-Y-DIRECTIVOS-DOCENTES-2025.pdf\" class=\"pdfemb-viewer\" style=\"\" data-width=\"max\" data-height=\"max\" data-toolbar=\"bottom\" data-toolbar-fixed=\"on\">RESOLUCION-3565-DE-2024-SE-CONVOCA-AL-PROCESO-ORDINARIO-DE-TRASLADO-DE-DOCENTES-Y-DIRECTIVOS-DOCENTES-2025<\/a>[\/et_pb_code][\/et_pb_column_inner][\/et_pb_row_inner][et_pb_row_inner _builder_version=\u00bb4.27.2&#8243; _module_preset=\u00bbdefault\u00bb global_colors_info=\u00bb{}\u00bb][et_pb_column_inner saved_specialty_column_type=\u00bb2_3&#8243; _builder_version=\u00bb4.27.2&#8243; _module_preset=\u00bbdefault\u00bb global_colors_info=\u00bb{}\u00bb][et_pb_divider color=\u00bb#8300E9&#8243; _builder_version=\u00bb4.27.2&#8243; _module_preset=\u00bbdefault\u00bb global_colors_info=\u00bb{}\u00bb][\/et_pb_divider][\/et_pb_column_inner][\/et_pb_row_inner][et_pb_row_inner _builder_version=\u00bb4.27.4&#8243; _module_preset=\u00bbdefault\u00bb global_colors_info=\u00bb{}\u00bb][et_pb_column_inner saved_specialty_column_type=\u00bb2_3&#8243; _builder_version=\u00bb4.27.4&#8243; _module_preset=\u00bbdefault\u00bb global_colors_info=\u00bb{}\u00bb][et_pb_text _builder_version=\u00bb4.27.4&#8243; _module_preset=\u00bbdefault\u00bb global_colors_info=\u00bb{}\u00bb]<\/p>\n<p><strong>Solicitudes de Traslados 2024:<\/strong><\/p>\n<p>[\/et_pb_text][\/et_pb_column_inner][\/et_pb_row_inner][et_pb_row_inner _builder_version=\u00bb4.27.4&#8243; _module_preset=\u00bbdefault\u00bb link_option_url=\u00bbhttps:\/\/www.sedarauca.edu.co\/wp-content\/uploads\/2024\/12\/Solicitudes-Traslados-2024.pdf\u00bb link_option_url_new_window=\u00bbon\u00bb global_colors_info=\u00bb{}\u00bb][et_pb_column_inner saved_specialty_column_type=\u00bb2_3&#8243; _builder_version=\u00bb4.27.4&#8243; _module_preset=\u00bbdefault\u00bb global_colors_info=\u00bb{}\u00bb][et_pb_code _builder_version=\u00bb4.27.4&#8243; _module_preset=\u00bbdefault\u00bb link_option_url=\u00bbhttps:\/\/www.sedarauca.edu.co\/wp-content\/uploads\/2024\/12\/Solicitudes-Traslados-2024.pdf\u00bb link_option_url_new_window=\u00bbon\u00bb global_colors_info=\u00bb{}\u00bb]<a href=\"https:\/\/www.sedarauca.edu.co\/wp-content\/uploads\/2024\/12\/Solicitudes-Traslados-2024.pdf\" class=\"pdfemb-viewer\" style=\"\" data-width=\"max\" data-height=\"max\" data-toolbar=\"bottom\" data-toolbar-fixed=\"on\">Solicitudes-Traslados-2024<\/a>[\/et_pb_code][\/et_pb_column_inner][\/et_pb_row_inner][et_pb_row_inner _builder_version=\u00bb4.27.4&#8243; _module_preset=\u00bbdefault\u00bb][et_pb_column_inner saved_specialty_column_type=\u00bb2_3&#8243; _builder_version=\u00bb4.27.4&#8243; _module_preset=\u00bbdefault\u00bb][et_pb_divider _builder_version=\u00bb4.27.4&#8243; _module_preset=\u00bbdefault\u00bb color=\u00bb#8300E9&#8243; hover_enabled=\u00bb0&#8243; sticky_enabled=\u00bb0&#8243;][\/et_pb_divider][\/et_pb_column_inner][\/et_pb_row_inner][et_pb_row_inner _builder_version=\u00bb4.27.4&#8243; _module_preset=\u00bbdefault\u00bb link_option_url=\u00bbhttps:\/\/www.sedarauca.edu.co\/wp-content\/uploads\/2025\/03\/RESOLUCION-N\u00b0-007-DE-2025-SE-TRASLADAN-UNOS-DOCENTES-SEGUN-LO-ESTIPULADO-EN-RESOLUCION-N\u00b0-3565-DEL-17-OCTUBRE-DE-2024.pdf\u00bb link_option_url_new_window=\u00bbon\u00bb hover_enabled=\u00bb0&#8243; sticky_enabled=\u00bb0&#8243;][et_pb_column_inner saved_specialty_column_type=\u00bb2_3&#8243; _builder_version=\u00bb4.27.4&#8243; _module_preset=\u00bbdefault\u00bb][et_pb_text _builder_version=\u00bb4.27.4&#8243; _module_preset=\u00bbdefault\u00bb hover_enabled=\u00bb0&#8243; global_colors_info=\u00bb{}\u00bb sticky_enabled=\u00bb0&#8243;]<\/p>\n<p><strong>Resoluci\u00f3n N\u00b0 007 de 2025 &#8211; Se trasladan unos docentes seg\u00fan lo estipulado en la resoluci\u00f3n N\u00b0 3565 de 17 de octubre de 2024.pdf:<\/strong><\/p>\n<p>[\/et_pb_text][et_pb_code _builder_version=\u00bb4.27.4&#8243; _module_preset=\u00bbdefault\u00bb hover_enabled=\u00bb0&#8243; sticky_enabled=\u00bb0&#8243; link_option_url=\u00bbhttps:\/\/www.sedarauca.edu.co\/wp-content\/uploads\/2025\/03\/RESOLUCION-N\u00b0-007-DE-2025-SE-TRASLADAN-UNOS-DOCENTES-SEGUN-LO-ESTIPULADO-EN-RESOLUCION-N\u00b0-3565-DEL-17-OCTUBRE-DE-2024.pdf\u00bb link_option_url_new_window=\u00bbon\u00bb]<a href=\"https:\/\/www.sedarauca.edu.co\/wp-content\/uploads\/2025\/03\/RESOLUCION-N\u00b0-007-DE-2025-SE-TRASLADAN-UNOS-DOCENTES-SEGUN-LO-ESTIPULADO-EN-RESOLUCION-N\u00b0-3565-DEL-17-OCTUBRE-DE-2024.pdf\" class=\"pdfemb-viewer\" style=\"\" data-width=\"max\" data-height=\"max\" data-toolbar=\"bottom\" data-toolbar-fixed=\"on\">RESOLUCION-N\u00b0-007-DE-2025-SE-TRASLADAN-UNOS-DOCENTES-SEGUN-LO-ESTIPULADO-EN-RESOLUCION-N\u00b0-3565-DEL-17-OCTUBRE-DE-2024<\/a>[\/et_pb_code][\/et_pb_column_inner][\/et_pb_row_inner][et_pb_row_inner _builder_version=\u00bb4.27.4&#8243; _module_preset=\u00bbdefault\u00bb global_colors_info=\u00bb{}\u00bb][et_pb_column_inner saved_specialty_column_type=\u00bb2_3&#8243; _builder_version=\u00bb4.27.4&#8243; _module_preset=\u00bbdefault\u00bb global_colors_info=\u00bb{}\u00bb][et_pb_divider color=\u00bb#8300E9&#8243; _builder_version=\u00bb4.27.4&#8243; _module_preset=\u00bbdefault\u00bb global_colors_info=\u00bb{}\u00bb][\/et_pb_divider][\/et_pb_column_inner][\/et_pb_row_inner][et_pb_row_inner gutter_width=\u00bb1&#8243; _builder_version=\u00bb4.27.2&#8243; custom_padding=\u00bb0px|0px|0px|0px\u00bb animation_style=\u00bbzoom\u00bb animation_intensity_zoom=\u00bb6%\u00bb box_shadow_style=\u00bbpreset1&#8243; box_shadow_vertical=\u00bb10px\u00bb box_shadow_blur=\u00bb60px\u00bb box_shadow_color=\u00bbrgba(71,74,182,0.12)\u00bb global_colors_info=\u00bb{}\u00bb][et_pb_column_inner saved_specialty_column_type=\u00bb2_3&#8243; module_class=\u00bbet_pb_column_1_2&#8243; _builder_version=\u00bb4.16&#8243; custom_padding=\u00bb|||\u00bb global_colors_info=\u00bb{}\u00bb parallax__hover=\u00bboff\u00bb parallax_method__hover=\u00bbon\u00bb module_class__hover=\u00bbet_pb_column_1_2&#8243; custom_padding__hover=\u00bb|||\u00bb][et_pb_blurb title=\u00bbM\u00e1s informaci\u00f3n de traslados\u00bb url=\u00bbhttps:\/\/www.sedarauca.edu.co\/index.php\/category\/traslado\/\u00bb url_new_window=\u00bbon\u00bb image=\u00bbhttps:\/\/www.sedarauca.edu.co\/wp-content\/uploads\/2024\/11\/MasTrasladosSED.png\u00bb icon_placement=\u00bbleft\u00bb image_icon_width=\u00bb64px\u00bb content_max_width=\u00bb1100px\u00bb _builder_version=\u00bb4.27.4&#8243; header_font=\u00bb|on|||\u00bb header_text_color=\u00bb#2e2545&#8243; header_line_height=\u00bb1.5em\u00bb body_text_color=\u00bb#8585bd\u00bb body_line_height=\u00bb1.9em\u00bb background_color=\u00bb#ffffff\u00bb custom_margin=\u00bb|||\u00bb custom_padding=\u00bb30px|30px|30px|30px\u00bb animation_style=\u00bbzoom\u00bb animation_direction=\u00bbbottom\u00bb animation_intensity_zoom=\u00bb20%\u00bb animation_starting_opacity=\u00bb100%\u00bb link_option_url=\u00bbhttps:\/\/www.sedarauca.edu.co\/index.php\/category\/traslado\/\u00bb link_option_url_new_window=\u00bbon\u00bb box_shadow_style=\u00bbpreset7&#8243; box_shadow_horizontal=\u00bb-1px\u00bb box_shadow_vertical=\u00bb-1px\u00bb box_shadow_color=\u00bbrgba(71,74,182,0.12)\u00bb image_max_width=\u00bb64px\u00bb locked=\u00bboff\u00bb global_colors_info=\u00bb{}\u00bb]<\/p>\n<p style=\"text-align: justify;\"><b>Ver: <a href=\"https:\/\/www.sedarauca.edu.co\/index.php\/category\/traslado\/\">Traslado | Secretar\u00eda de Educaci\u00f3n Departamental de Arauca<\/a><\/b><\/p>\n<p>[\/et_pb_blurb][\/et_pb_column_inner][\/et_pb_row_inner][et_pb_row_inner _builder_version=\u00bb4.27.4&#8243; _module_preset=\u00bbdefault\u00bb global_colors_info=\u00bb{}\u00bb][et_pb_column_inner saved_specialty_column_type=\u00bb2_3&#8243; _builder_version=\u00bb4.27.4&#8243; _module_preset=\u00bbdefault\u00bb global_colors_info=\u00bb{}\u00bb][et_pb_divider color=\u00bb#8300E9&#8243; _builder_version=\u00bb4.27.4&#8243; _module_preset=\u00bbdefault\u00bb global_colors_info=\u00bb{}\u00bb][\/et_pb_divider][\/et_pb_column_inner][\/et_pb_row_inner][\/et_pb_column][\/et_pb_section][et_pb_section fb_built=\u00bb1&#8243; _builder_version=\u00bb4.21.0&#8243; _module_preset=\u00bbdefault\u00bb custom_margin=\u00bb-100px||-30px||false|false\u00bb global_colors_info=\u00bb{}\u00bb][et_pb_row _builder_version=\u00bb4.21.0&#8243; _module_preset=\u00bbdefault\u00bb global_colors_info=\u00bb{}\u00bb][et_pb_column type=\u00bb4_4&#8243; _builder_version=\u00bb4.21.0&#8243; _module_preset=\u00bbdefault\u00bb global_colors_info=\u00bb{}\u00bb][et_pb_divider color=\u00bb#8300E9&#8243; divider_style=\u00bbdouble\u00bb divider_position=\u00bbcenter\u00bb _builder_version=\u00bb4.21.0&#8243; _module_preset=\u00bbdefault\u00bb border_radii=\u00bbon|30px|30px|30px|30px\u00bb global_colors_info=\u00bb{}\u00bb][\/et_pb_divider][\/et_pb_column][\/et_pb_row][\/et_pb_section]<\/p>\n","protected":false},"excerpt":{"rendered":"<p>Proceso Ordinario de TrasladosEl proceso de traslados de docentes en Colombia se regula bajo la normatividad del Ministerio de Educaci\u00f3n y tiene como objetivo garantizar una distribuci\u00f3n equitativa de los docentes en el territorio nacional, atendiendo las necesidades de las instituciones educativas. A continuaci\u00f3n, los aspectos clave de este proceso: 1. Convocatoria y requisitos El [&hellip;]<\/p>\n","protected":false},"author":1,"featured_media":0,"parent":0,"menu_order":0,"comment_status":"closed","ping_status":"closed","template":"","meta":{"_et_pb_use_builder":"on","_et_pb_old_content":"","_et_gb_content_width":"","footnotes":""},"class_list":["post-9682","page","type-page","status-publish","hentry"],"_links":{"self":[{"href":"https:\/\/www.sedarauca.edu.co\/index.php\/wp-json\/wp\/v2\/pages\/9682","targetHints":{"allow":["GET"]}}],"collection":[{"href":"https:\/\/www.sedarauca.edu.co\/index.php\/wp-json\/wp\/v2\/pages"}],"about":[{"href":"https:\/\/www.sedarauca.edu.co\/index.php\/wp-json\/wp\/v2\/types\/page"}],"author":[{"embeddable":true,"href":"https:\/\/www.sedarauca.edu.co\/index.php\/wp-json\/wp\/v2\/users\/1"}],"replies":[{"embeddable":true,"href":"https:\/\/www.sedarauca.edu.co\/index.php\/wp-json\/wp\/v2\/comments?post=9682"}],"version-history":[{"count":27,"href":"https:\/\/www.sedarauca.edu.co\/index.php\/wp-json\/wp\/v2\/pages\/9682\/revisions"}],"predecessor-version":[{"id":10506,"href":"https:\/\/www.sedarauca.edu.co\/index.php\/wp-json\/wp\/v2\/pages\/9682\/revisions\/10506"}],"wp:attachment":[{"href":"https:\/\/www.sedarauca.edu.co\/index.php\/wp-json\/wp\/v2\/media?parent=9682"}],"curies":[{"name":"wp","href":"https:\/\/api.w.org\/{rel}","templated":true}]}}