{"id":8683,"date":"2024-05-10T08:22:00","date_gmt":"2024-05-10T13:22:00","guid":{"rendered":"https:\/\/www.sedarauca.edu.co\/?page_id=8683"},"modified":"2026-04-22T11:25:16","modified_gmt":"2026-04-22T16:25:16","slug":"calidad-foro-educativo-territorial","status":"publish","type":"page","link":"https:\/\/www.sedarauca.edu.co\/index.php\/calidad-foro-educativo-territorial\/","title":{"rendered":"Calidad &#8211; Foro Educativo Territorial"},"content":{"rendered":"<p>[et_pb_section fb_built=\u00bb1&#8243; admin_label=\u00bbLanding Hero\u00bb _builder_version=\u00bb4.21.0&#8243; use_background_color_gradient=\u00bbon\u00bb background_color_gradient_stops=\u00bb#474ab6 0%|#9271f6 100%\u00bb background_color_gradient_start=\u00bb#474ab6&#8243; background_color_gradient_end=\u00bb#9271f6&#8243; background_image=\u00bbhttps:\/\/www.sedarauca.edu.co\/wp-content\/uploads\/2023\/05\/LogoCalidadEducativa-scaled.jpg\u00bb background_blend=\u00bboverlay\u00bb height=\u00bb320px\u00bb custom_padding=\u00bb100px|0px|100px|0px\u00bb animation_style=\u00bbslide\u00bb animation_direction=\u00bbtop\u00bb animation_intensity_slide=\u00bb2%\u00bb locked=\u00bboff\u00bb global_colors_info=\u00bb{}\u00bb][\/et_pb_section][et_pb_section fb_built=\u00bb1&#8243; specialty=\u00bbon\u00bb admin_label=\u00bbAll Courses\u00bb _builder_version=\u00bb4.27.4&#8243; custom_padding=\u00bb100px|0px|100px|0px\u00bb global_colors_info=\u00bb{}\u00bb][et_pb_column type=\u00bb1_3&#8243; _builder_version=\u00bb4.16&#8243; custom_padding=\u00bb|||\u00bb global_colors_info=\u00bb{}\u00bb parallax__hover=\u00bboff\u00bb parallax_method__hover=\u00bbon\u00bb custom_padding__hover=\u00bb|||\u00bb][et_pb_text _builder_version=\u00bb4.25.1&#8243; header_font=\u00bb||||||||\u00bb header_2_font=\u00bb|700|||||||\u00bb header_2_text_color=\u00bb#7272ff\u00bb header_2_font_size=\u00bb36px\u00bb header_2_line_height=\u00bb1.3em\u00bb custom_margin=\u00bb||20px|\u00bb animation_style=\u00bbslide\u00bb animation_direction=\u00bbbottom\u00bb animation_intensity_slide=\u00bb10%\u00bb locked=\u00bboff\u00bb global_colors_info=\u00bb{}\u00bb header_font_size__hover=\u00bb30px\u00bb header_font_size__hover_enabled=\u00bb30px\u00bb header_letter_spacing__hover=\u00bb0px\u00bb header_letter_spacing__hover_enabled=\u00bb0px\u00bb header_text_shadow_style__hover=\u00bbnone\u00bb header_text_shadow_style__hover_enabled=\u00bbnone\u00bb header_text_shadow_color__hover=\u00bbrgba(0,0,0,0.4)\u00bb header_text_shadow_color__hover_enabled=\u00bbrgba(0,0,0,0.4)\u00bb]<\/p>\n<h2>Foro Educativo Territorial<\/h2>\n<p>[\/et_pb_text][et_pb_divider color=\u00bb#09e1c0&#8243; divider_weight=\u00bb4px\u00bb disabled_on=\u00bbon|on|off\u00bb _builder_version=\u00bb4.16&#8243; background_size=\u00bbinitial\u00bb background_position=\u00bbtop_left\u00bb background_repeat=\u00bbrepeat\u00bb max_width=\u00bb40px\u00bb module_alignment=\u00bbleft\u00bb custom_margin=\u00bb||10px|\u00bb animation_style=\u00bbzoom\u00bb animation_direction=\u00bbleft\u00bb saved_tabs=\u00bball\u00bb locked=\u00bboff\u00bb global_colors_info=\u00bb{}\u00bb][\/et_pb_divider][et_pb_text _builder_version=\u00bb4.25.1&#8243; text_font=\u00bb||||||||\u00bb text_text_color=\u00bb#8585bd\u00bb text_font_size=\u00bb16px\u00bb text_line_height=\u00bb1.9em\u00bb header_font=\u00bb||||||||\u00bb header_4_font=\u00bb|700|||||||\u00bb header_4_font_size=\u00bb16px\u00bb header_4_line_height=\u00bb1.9em\u00bb custom_padding=\u00bb||0px|||\u00bb animation_style=\u00bbzoom\u00bb animation_intensity_zoom=\u00bb6%\u00bb locked=\u00bboff\u00bb global_colors_info=\u00bb{}\u00bb]<\/p>\n<p style=\"text-align: justify;\"><em><strong>Los Foros Educativos son una oportunidad que brinda la Ley General de Educaci\u00f3n \u2013 115 de 1994 \u2013 para reflexionar y proponer estrategias de mejoramiento de la pertinencia y la calidad educativa<\/strong>.<\/em><\/p>\n<p style=\"text-align: justify;\">Como punto de partida para la Transformaci\u00f3n Educativa se considera importante volver a posicionar el quehacer pedag\u00f3gico como elemento fundamental en la pol\u00edtica p\u00fablica en educaci\u00f3n, las instituciones educativas, las practicas docentes, la interculturalidad y la paz, raz\u00f3n por la cual la Secretar\u00eda de Educaci\u00f3n Departamental, la Asociaci\u00f3n de Educadores del Arauca ASEDAR, el Centro de Estudios e Investigaciones Docentes CEID, delegados de los pueblos \u00e9tnicos y estamentos de la Comunidad Educativa, <\/p>\n<p>Los invitamos a revisar y apropiar los documentos generados.<em><\/em><\/p>\n<p>[\/et_pb_text][\/et_pb_column][et_pb_column type=\u00bb2_3&#8243; specialty_columns=\u00bb2&#8243; _builder_version=\u00bb4.16&#8243; custom_padding=\u00bb|||\u00bb global_colors_info=\u00bb{}\u00bb parallax__hover=\u00bboff\u00bb parallax_method__hover=\u00bbon\u00bb custom_padding__hover=\u00bb|||\u00bb][et_pb_row_inner _builder_version=\u00bb4.27.4&#8243; _module_preset=\u00bbdefault\u00bb custom_margin=\u00bb||20px||false|false\u00bb global_colors_info=\u00bb{}\u00bb][et_pb_column_inner saved_specialty_column_type=\u00bb2_3&#8243; _builder_version=\u00bb4.27.4&#8243; _module_preset=\u00bbdefault\u00bb global_colors_info=\u00bb{}\u00bb][et_pb_divider _builder_version=\u00bb4.27.4&#8243; _module_preset=\u00bbdefault\u00bb global_colors_info=\u00bb{}\u00bb][\/et_pb_divider][\/et_pb_column_inner][\/et_pb_row_inner][et_pb_row_inner _builder_version=\u00bb4.27.4&#8243; _module_preset=\u00bbdefault\u00bb global_colors_info=\u00bb{}\u00bb][et_pb_column_inner saved_specialty_column_type=\u00bb2_3&#8243; _builder_version=\u00bb4.27.4&#8243; _module_preset=\u00bbdefault\u00bb global_colors_info=\u00bb{}\u00bb][et_pb_text _builder_version=\u00bb4.27.4&#8243; _module_preset=\u00bbdefault\u00bb custom_margin=\u00bb-30px||20px||false|false\u00bb global_colors_info=\u00bb{}\u00bb]<\/p>\n<h3 style=\"text-align: center;\"><span style=\"color: #3366ff;\"><strong>Foro Educativo Territorial 2025<\/strong><\/span><\/h3>\n<p>[\/et_pb_text][\/et_pb_column_inner][\/et_pb_row_inner][et_pb_row_inner gutter_width=\u00bb1&#8243; _builder_version=\u00bb4.27.4&#8243; custom_padding=\u00bb0px|0px|0px|0px\u00bb animation_style=\u00bbzoom\u00bb animation_intensity_zoom=\u00bb6%\u00bb box_shadow_style=\u00bbpreset1&#8243; box_shadow_vertical=\u00bb10px\u00bb box_shadow_blur=\u00bb60px\u00bb box_shadow_color=\u00bbrgba(71,74,182,0.12)\u00bb global_colors_info=\u00bb{}\u00bb][et_pb_column_inner saved_specialty_column_type=\u00bb2_3&#8243; module_class=\u00bbet_pb_column_1_2&#8243; _builder_version=\u00bb4.16&#8243; custom_padding=\u00bb|||\u00bb global_colors_info=\u00bb{}\u00bb parallax__hover=\u00bboff\u00bb parallax_method__hover=\u00bbon\u00bb module_class__hover=\u00bbet_pb_column_1_2&#8243; custom_padding__hover=\u00bb|||\u00bb][et_pb_blurb title=\u00bbDocumento Orientador Foro Educativo 2025&#8243; url=\u00bbhttps:\/\/www.sedarauca.edu.co\/wp-content\/uploads\/2026\/04\/Documento-Orientador-Foro-Educativo-2025.pdf\u00bb url_new_window=\u00bbon\u00bb image=\u00bbhttps:\/\/www.sedarauca.edu.co\/wp-content\/uploads\/2024\/05\/CForo-0.jpg\u00bb icon_placement=\u00bbleft\u00bb image_icon_width=\u00bb64px\u00bb content_max_width=\u00bb1100px\u00bb _builder_version=\u00bb4.27.6&#8243; header_font=\u00bb|on|||\u00bb header_text_color=\u00bb#2e2545&#8243; header_line_height=\u00bb1.5em\u00bb body_text_color=\u00bb#8585bd\u00bb body_line_height=\u00bb1.9em\u00bb background_color=\u00bb#ffffff\u00bb custom_margin=\u00bb|||\u00bb custom_padding=\u00bb30px|30px|30px|30px||\u00bb animation_style=\u00bbzoom\u00bb animation_direction=\u00bbbottom\u00bb animation_intensity_zoom=\u00bb20%\u00bb animation_starting_opacity=\u00bb100%\u00bb link_option_url=\u00bbhttps:\/\/www.sedarauca.edu.co\/wp-content\/uploads\/2026\/04\/Documento-Orientador-Foro-Educativo-2025.pdf\u00bb link_option_url_new_window=\u00bbon\u00bb hover_enabled=\u00bb0&#8243; box_shadow_style=\u00bbpreset7&#8243; box_shadow_horizontal=\u00bb-1px\u00bb box_shadow_vertical=\u00bb-1px\u00bb box_shadow_color=\u00bbrgba(71,74,182,0.12)\u00bb image_max_width=\u00bb64px\u00bb locked=\u00bboff\u00bb global_colors_info=\u00bb{}\u00bb sticky_enabled=\u00bb0&#8243;][\/et_pb_blurb][et_pb_blurb title=\u00bbCarta al Foro Educativo Departamental 2025&#8243; url=\u00bbCartas y preguntas orientadoras de las mesas de trabajo Foro por Instituci\u00f3n Educativa\u00bb url_new_window=\u00bbon\u00bb image=\u00bbhttps:\/\/www.sedarauca.edu.co\/wp-content\/uploads\/2024\/05\/CForo-1.jpg\u00bb icon_placement=\u00bbleft\u00bb image_icon_width=\u00bb64px\u00bb content_max_width=\u00bb1100px\u00bb _builder_version=\u00bb4.27.6&#8243; header_font=\u00bb|on|||\u00bb header_text_color=\u00bb#2e2545&#8243; header_line_height=\u00bb1.5em\u00bb body_text_color=\u00bb#8585bd\u00bb body_line_height=\u00bb1.9em\u00bb background_color=\u00bb#ffffff\u00bb custom_margin=\u00bb|||\u00bb custom_padding=\u00bb30px|30px|30px|30px\u00bb animation_style=\u00bbzoom\u00bb animation_direction=\u00bbbottom\u00bb animation_intensity_zoom=\u00bb20%\u00bb animation_starting_opacity=\u00bb100%\u00bb link_option_url=\u00bbCartas y preguntas orientadoras de las mesas de trabajo Foro por Instituci\u00f3n Educativa\u00bb link_option_url_new_window=\u00bbon\u00bb hover_enabled=\u00bb0&#8243; box_shadow_style=\u00bbpreset7&#8243; box_shadow_horizontal=\u00bb-1px\u00bb box_shadow_vertical=\u00bb-1px\u00bb box_shadow_color=\u00bbrgba(71,74,182,0.12)\u00bb image_max_width=\u00bb64px\u00bb locked=\u00bboff\u00bb global_colors_info=\u00bb{}\u00bb sticky_enabled=\u00bb0&#8243;][\/et_pb_blurb][et_pb_blurb title=\u00bbCartas y preguntas orientadoras de las mesas de trabajo Foro por Instituci\u00f3n Educativa\u00bb url=\u00bbhttps:\/\/www.sedarauca.edu.co\/wp-content\/uploads\/2024\/05\/ANEXO_2_Carta_Mesa_Trabajo_Municipal.pdf\u00bb url_new_window=\u00bbon\u00bb image=\u00bbhttps:\/\/www.sedarauca.edu.co\/wp-content\/uploads\/2024\/05\/CForo-2.jpg\u00bb icon_placement=\u00bbleft\u00bb image_icon_width=\u00bb64px\u00bb content_max_width=\u00bb1100px\u00bb _builder_version=\u00bb4.27.6&#8243; header_font=\u00bb|on|||\u00bb header_text_color=\u00bb#2e2545&#8243; header_line_height=\u00bb1.5em\u00bb body_text_color=\u00bb#8585bd\u00bb body_line_height=\u00bb1.9em\u00bb background_color=\u00bb#ffffff\u00bb custom_margin=\u00bb|||\u00bb custom_padding=\u00bb30px|30px|30px|30px\u00bb animation_style=\u00bbzoom\u00bb animation_direction=\u00bbbottom\u00bb animation_intensity_zoom=\u00bb20%\u00bb animation_starting_opacity=\u00bb100%\u00bb link_option_url=\u00bbhttps:\/\/www.sedarauca.edu.co\/wp-content\/uploads\/2024\/05\/ANEXO_2_Carta_Mesa_Trabajo_Municipal.pdf\u00bb link_option_url_new_window=\u00bbon\u00bb hover_enabled=\u00bb0&#8243; box_shadow_style=\u00bbpreset7&#8243; box_shadow_horizontal=\u00bb-1px\u00bb box_shadow_vertical=\u00bb-1px\u00bb box_shadow_color=\u00bbrgba(71,74,182,0.12)\u00bb image_max_width=\u00bb64px\u00bb locked=\u00bboff\u00bb global_colors_info=\u00bb{}\u00bb sticky_enabled=\u00bb0&#8243;][\/et_pb_blurb][et_pb_blurb title=\u00bbCartas y preguntas orientadoras Foros Educativos Municipales\u00bb url=\u00bbCartas y preguntas orientadoras Foros Educativos Municipales_\u00bb url_new_window=\u00bbon\u00bb image=\u00bbhttps:\/\/www.sedarauca.edu.co\/wp-content\/uploads\/2024\/05\/CForo-3.jpg\u00bb icon_placement=\u00bbleft\u00bb image_icon_width=\u00bb64px\u00bb content_max_width=\u00bb1100px\u00bb _builder_version=\u00bb4.27.6&#8243; header_font=\u00bb|on|||\u00bb header_text_color=\u00bb#2e2545&#8243; header_line_height=\u00bb1.5em\u00bb body_text_color=\u00bb#8585bd\u00bb body_line_height=\u00bb1.9em\u00bb background_color=\u00bb#ffffff\u00bb custom_margin=\u00bb|||\u00bb custom_padding=\u00bb30px|30px|30px|30px\u00bb animation_style=\u00bbzoom\u00bb animation_direction=\u00bbbottom\u00bb animation_intensity_zoom=\u00bb20%\u00bb animation_starting_opacity=\u00bb100%\u00bb link_option_url=\u00bbCartas y preguntas orientadoras Foros Educativos Municipales_\u00bb link_option_url_new_window=\u00bbon\u00bb hover_enabled=\u00bb0&#8243; box_shadow_style=\u00bbpreset7&#8243; box_shadow_horizontal=\u00bb-1px\u00bb box_shadow_vertical=\u00bb-1px\u00bb box_shadow_color=\u00bbrgba(71,74,182,0.12)\u00bb image_max_width=\u00bb64px\u00bb locked=\u00bboff\u00bb global_colors_info=\u00bb{}\u00bb sticky_enabled=\u00bb0&#8243;][\/et_pb_blurb][et_pb_blurb title=\u00bbCartas y preguntas orientadoras Foro Educativo Departamental\u00bb url=\u00bbhttps:\/\/www.sedarauca.edu.co\/wp-content\/uploads\/2026\/04\/ANEXO-4.-Cartas-y-preguntas-orientadoras-Foro-Educativo-Departamental_.pdf\u00bb url_new_window=\u00bbon\u00bb image=\u00bbhttps:\/\/www.sedarauca.edu.co\/wp-content\/uploads\/2024\/05\/CForo-4.jpg\u00bb icon_placement=\u00bbleft\u00bb image_icon_width=\u00bb64px\u00bb content_max_width=\u00bb1100px\u00bb _builder_version=\u00bb4.27.6&#8243; header_font=\u00bb|on|||\u00bb header_text_color=\u00bb#2e2545&#8243; header_line_height=\u00bb1.5em\u00bb body_text_color=\u00bb#8585bd\u00bb body_line_height=\u00bb1.9em\u00bb background_color=\u00bb#ffffff\u00bb custom_margin=\u00bb|||\u00bb custom_padding=\u00bb30px|30px|30px|30px\u00bb animation_style=\u00bbzoom\u00bb animation_direction=\u00bbbottom\u00bb animation_intensity_zoom=\u00bb20%\u00bb animation_starting_opacity=\u00bb100%\u00bb link_option_url=\u00bbhttps:\/\/www.sedarauca.edu.co\/wp-content\/uploads\/2026\/04\/ANEXO-4.-Cartas-y-preguntas-orientadoras-Foro-Educativo-Departamental_.pdf\u00bb link_option_url_new_window=\u00bbon\u00bb hover_enabled=\u00bb0&#8243; box_shadow_style=\u00bbpreset7&#8243; box_shadow_horizontal=\u00bb-1px\u00bb box_shadow_vertical=\u00bb-1px\u00bb box_shadow_color=\u00bbrgba(71,74,182,0.12)\u00bb image_max_width=\u00bb64px\u00bb locked=\u00bboff\u00bb global_colors_info=\u00bb{}\u00bb sticky_enabled=\u00bb0&#8243;][\/et_pb_blurb][et_pb_blurb title=\u00bbCircular Externa 0162 de 2025 Foro Educativo 2025&#8243; url=\u00bbhttps:\/\/www.sedarauca.edu.co\/wp-content\/uploads\/2026\/04\/Circular-Externa-0162-de-2025-Foro-Educativo-2025.pdf\u00bb url_new_window=\u00bbon\u00bb image=\u00bbhttps:\/\/www.sedarauca.edu.co\/wp-content\/uploads\/2024\/05\/CForo-5.jpg\u00bb icon_placement=\u00bbleft\u00bb image_icon_width=\u00bb64px\u00bb content_max_width=\u00bb1100px\u00bb _builder_version=\u00bb4.27.6&#8243; header_font=\u00bb|on|||\u00bb header_text_color=\u00bb#2e2545&#8243; header_line_height=\u00bb1.5em\u00bb body_text_color=\u00bb#8585bd\u00bb body_line_height=\u00bb1.9em\u00bb background_color=\u00bb#ffffff\u00bb custom_margin=\u00bb|||\u00bb custom_padding=\u00bb30px|30px|30px|30px\u00bb animation_style=\u00bbzoom\u00bb animation_direction=\u00bbbottom\u00bb animation_intensity_zoom=\u00bb20%\u00bb animation_starting_opacity=\u00bb100%\u00bb link_option_url=\u00bbhttps:\/\/www.sedarauca.edu.co\/wp-content\/uploads\/2026\/04\/Circular-Externa-0162-de-2025-Foro-Educativo-2025.pdf\u00bb link_option_url_new_window=\u00bbon\u00bb box_shadow_style=\u00bbpreset7&#8243; box_shadow_horizontal=\u00bb-1px\u00bb box_shadow_vertical=\u00bb-1px\u00bb box_shadow_color=\u00bbrgba(71,74,182,0.12)\u00bb image_max_width=\u00bb64px\u00bb locked=\u00bboff\u00bb global_colors_info=\u00bb{}\u00bb][\/et_pb_blurb][et_pb_blurb title=\u00bbDocumento Orientador Foro Educativo 2025&#8243; url=\u00bbhttps:\/\/www.sedarauca.edu.co\/wp-content\/uploads\/2026\/04\/Documento-Orientador-Foro-Educativo-2025.pdf\u00bb url_new_window=\u00bbon\u00bb image=\u00bbhttps:\/\/www.sedarauca.edu.co\/wp-content\/uploads\/2024\/05\/CForo-6.jpg\u00bb icon_placement=\u00bbleft\u00bb image_icon_width=\u00bb64px\u00bb content_max_width=\u00bb1100px\u00bb _builder_version=\u00bb4.27.6&#8243; header_font=\u00bb|on|||\u00bb header_text_color=\u00bb#2e2545&#8243; header_line_height=\u00bb1.5em\u00bb body_text_color=\u00bb#8585bd\u00bb body_line_height=\u00bb1.9em\u00bb background_color=\u00bb#ffffff\u00bb custom_margin=\u00bb|||\u00bb custom_padding=\u00bb30px|30px|30px|30px\u00bb animation_style=\u00bbzoom\u00bb animation_direction=\u00bbbottom\u00bb animation_intensity_zoom=\u00bb20%\u00bb animation_starting_opacity=\u00bb100%\u00bb link_option_url=\u00bbhttps:\/\/www.sedarauca.edu.co\/wp-content\/uploads\/2026\/04\/Documento-Orientador-Foro-Educativo-2025.pdf\u00bb link_option_url_new_window=\u00bbon\u00bb hover_enabled=\u00bb0&#8243; box_shadow_style=\u00bbpreset7&#8243; box_shadow_horizontal=\u00bb-1px\u00bb box_shadow_vertical=\u00bb-1px\u00bb box_shadow_color=\u00bbrgba(71,74,182,0.12)\u00bb image_max_width=\u00bb64px\u00bb locked=\u00bboff\u00bb global_colors_info=\u00bb{}\u00bb sticky_enabled=\u00bb0&#8243;][\/et_pb_blurb][et_pb_blurb title=\u00bbForo Educativo Departamental 2025. Memorias y Conclusiones\u00bb url=\u00bbhttps:\/\/www.sedarauca.edu.co\/wp-content\/uploads\/2026\/04\/FORO-EDUCATIVO-DEPARTAMENTAL-2025.-MEMORIAS-Y-CONCLUSIONES_.pdf\u00bb url_new_window=\u00bbon\u00bb image=\u00bbhttps:\/\/www.sedarauca.edu.co\/wp-content\/uploads\/2024\/05\/CForo-7.jpg\u00bb icon_placement=\u00bbleft\u00bb image_icon_width=\u00bb64px\u00bb content_max_width=\u00bb1100px\u00bb _builder_version=\u00bb4.27.6&#8243; header_font=\u00bb|on|||\u00bb header_text_color=\u00bb#2e2545&#8243; header_line_height=\u00bb1.5em\u00bb body_text_color=\u00bb#8585bd\u00bb body_line_height=\u00bb1.9em\u00bb background_color=\u00bb#ffffff\u00bb custom_margin=\u00bb|||\u00bb custom_padding=\u00bb30px|30px|30px|30px\u00bb animation_style=\u00bbzoom\u00bb animation_direction=\u00bbbottom\u00bb animation_intensity_zoom=\u00bb20%\u00bb animation_starting_opacity=\u00bb100%\u00bb link_option_url=\u00bbhttps:\/\/www.sedarauca.edu.co\/wp-content\/uploads\/2026\/04\/FORO-EDUCATIVO-DEPARTAMENTAL-2025.-MEMORIAS-Y-CONCLUSIONES_.pdf\u00bb link_option_url_new_window=\u00bbon\u00bb hover_enabled=\u00bb0&#8243; box_shadow_style=\u00bbpreset7&#8243; box_shadow_horizontal=\u00bb-1px\u00bb box_shadow_vertical=\u00bb-1px\u00bb box_shadow_color=\u00bbrgba(71,74,182,0.12)\u00bb image_max_width=\u00bb64px\u00bb locked=\u00bboff\u00bb global_colors_info=\u00bb{}\u00bb sticky_enabled=\u00bb0&#8243;][\/et_pb_blurb][\/et_pb_column_inner][\/et_pb_row_inner][et_pb_row_inner _builder_version=\u00bb4.27.4&#8243; _module_preset=\u00bbdefault\u00bb custom_margin=\u00bb||20px||false|false\u00bb global_colors_info=\u00bb{}\u00bb][et_pb_column_inner saved_specialty_column_type=\u00bb2_3&#8243; _builder_version=\u00bb4.27.4&#8243; _module_preset=\u00bbdefault\u00bb global_colors_info=\u00bb{}\u00bb][et_pb_divider _builder_version=\u00bb4.27.4&#8243; _module_preset=\u00bbdefault\u00bb custom_margin=\u00bb30px||||false|false\u00bb global_colors_info=\u00bb{}\u00bb][\/et_pb_divider][\/et_pb_column_inner][\/et_pb_row_inner][et_pb_row_inner _builder_version=\u00bb4.27.4&#8243; _module_preset=\u00bbdefault\u00bb custom_margin=\u00bb||-7px||false|false\u00bb global_colors_info=\u00bb{}\u00bb][et_pb_column_inner saved_specialty_column_type=\u00bb2_3&#8243; _builder_version=\u00bb4.27.4&#8243; _module_preset=\u00bbdefault\u00bb global_colors_info=\u00bb{}\u00bb][et_pb_text _builder_version=\u00bb4.27.4&#8243; _module_preset=\u00bbdefault\u00bb custom_margin=\u00bb-30px||20px||false|false\u00bb global_colors_info=\u00bb{}\u00bb]<\/p>\n<h3 style=\"text-align: center;\"><span style=\"color: #3366ff;\"><strong>Foro Educativo Territorial 2024<\/strong><\/span><\/h3>\n<p>[\/et_pb_text][\/et_pb_column_inner][\/et_pb_row_inner][et_pb_row_inner gutter_width=\u00bb1&#8243; _builder_version=\u00bb4.27.4&#8243; custom_padding=\u00bb0px|0px|0px|0px\u00bb animation_style=\u00bbzoom\u00bb animation_intensity_zoom=\u00bb6%\u00bb box_shadow_style=\u00bbpreset1&#8243; box_shadow_vertical=\u00bb10px\u00bb box_shadow_blur=\u00bb60px\u00bb box_shadow_color=\u00bbrgba(71,74,182,0.12)\u00bb global_colors_info=\u00bb{}\u00bb][et_pb_column_inner saved_specialty_column_type=\u00bb2_3&#8243; module_class=\u00bbet_pb_column_1_2&#8243; _builder_version=\u00bb4.16&#8243; custom_padding=\u00bb|||\u00bb global_colors_info=\u00bb{}\u00bb parallax__hover=\u00bboff\u00bb parallax_method__hover=\u00bbon\u00bb module_class__hover=\u00bbet_pb_column_1_2&#8243; custom_padding__hover=\u00bb|||\u00bb][et_pb_blurb title=\u00bbDocumento Orientador Foro Educativo 2024&#8243; url=\u00bbhttps:\/\/www.sedarauca.edu.co\/wp-content\/uploads\/2024\/05\/0_Documento-Orientador-Foro-Educativo-2024.pdf\u00bb url_new_window=\u00bbon\u00bb image=\u00bbhttps:\/\/www.sedarauca.edu.co\/wp-content\/uploads\/2024\/05\/CForo-0.jpg\u00bb icon_placement=\u00bbleft\u00bb image_icon_width=\u00bb64px\u00bb content_max_width=\u00bb1100px\u00bb _builder_version=\u00bb4.25.1&#8243; header_font=\u00bb|on|||\u00bb header_text_color=\u00bb#2e2545&#8243; header_line_height=\u00bb1.5em\u00bb body_text_color=\u00bb#8585bd\u00bb body_line_height=\u00bb1.9em\u00bb background_color=\u00bb#ffffff\u00bb custom_margin=\u00bb|||\u00bb custom_padding=\u00bb30px|30px|30px|30px||\u00bb animation_style=\u00bbzoom\u00bb animation_direction=\u00bbbottom\u00bb animation_intensity_zoom=\u00bb20%\u00bb animation_starting_opacity=\u00bb100%\u00bb link_option_url=\u00bbhttps:\/\/www.sedarauca.edu.co\/wp-content\/uploads\/2024\/05\/0_Documento-Orientador-Foro-Educativo-2024.pdf\u00bb link_option_url_new_window=\u00bbon\u00bb box_shadow_style=\u00bbpreset7&#8243; box_shadow_horizontal=\u00bb-1px\u00bb box_shadow_vertical=\u00bb-1px\u00bb box_shadow_color=\u00bbrgba(71,74,182,0.12)\u00bb image_max_width=\u00bb64px\u00bb locked=\u00bboff\u00bb global_colors_info=\u00bb{}\u00bb][\/et_pb_blurb][et_pb_blurb title=\u00bbCarta a las Mesas de Trabajo en el Foro Educativo Instituciones Educativas\u00bb url=\u00bbhttps:\/\/www.sedarauca.edu.co\/wp-content\/uploads\/2024\/05\/ANEXO_1_Carta_Mesa_Trabajo_Instituciones-Educativas.pdf\u00bb url_new_window=\u00bbon\u00bb image=\u00bbhttps:\/\/www.sedarauca.edu.co\/wp-content\/uploads\/2024\/05\/CForo-1.jpg\u00bb icon_placement=\u00bbleft\u00bb image_icon_width=\u00bb64px\u00bb content_max_width=\u00bb1100px\u00bb _builder_version=\u00bb4.25.1&#8243; header_font=\u00bb|on|||\u00bb header_text_color=\u00bb#2e2545&#8243; header_line_height=\u00bb1.5em\u00bb body_text_color=\u00bb#8585bd\u00bb body_line_height=\u00bb1.9em\u00bb background_color=\u00bb#ffffff\u00bb custom_margin=\u00bb|||\u00bb custom_padding=\u00bb30px|30px|30px|30px\u00bb animation_style=\u00bbzoom\u00bb animation_direction=\u00bbbottom\u00bb animation_intensity_zoom=\u00bb20%\u00bb animation_starting_opacity=\u00bb100%\u00bb link_option_url=\u00bbhttps:\/\/www.sedarauca.edu.co\/wp-content\/uploads\/2024\/05\/ANEXO_1_Carta_Mesa_Trabajo_Instituciones-Educativas.pdf\u00bb link_option_url_new_window=\u00bbon\u00bb box_shadow_style=\u00bbpreset7&#8243; box_shadow_horizontal=\u00bb-1px\u00bb box_shadow_vertical=\u00bb-1px\u00bb box_shadow_color=\u00bbrgba(71,74,182,0.12)\u00bb image_max_width=\u00bb64px\u00bb locked=\u00bboff\u00bb global_colors_info=\u00bb{}\u00bb][\/et_pb_blurb][et_pb_blurb title=\u00bbCarta a las Mesas de Trabajo Foro Educativo Municipal\u00bb url=\u00bbhttps:\/\/www.sedarauca.edu.co\/wp-content\/uploads\/2024\/05\/ANEXO_2_Carta_Mesa_Trabajo_Municipal.pdf\u00bb url_new_window=\u00bbon\u00bb image=\u00bbhttps:\/\/www.sedarauca.edu.co\/wp-content\/uploads\/2024\/05\/CForo-2.jpg\u00bb icon_placement=\u00bbleft\u00bb image_icon_width=\u00bb64px\u00bb content_max_width=\u00bb1100px\u00bb _builder_version=\u00bb4.25.1&#8243; header_font=\u00bb|on|||\u00bb header_text_color=\u00bb#2e2545&#8243; header_line_height=\u00bb1.5em\u00bb body_text_color=\u00bb#8585bd\u00bb body_line_height=\u00bb1.9em\u00bb background_color=\u00bb#ffffff\u00bb custom_margin=\u00bb|||\u00bb custom_padding=\u00bb30px|30px|30px|30px\u00bb animation_style=\u00bbzoom\u00bb animation_direction=\u00bbbottom\u00bb animation_intensity_zoom=\u00bb20%\u00bb animation_starting_opacity=\u00bb100%\u00bb link_option_url=\u00bbhttps:\/\/www.sedarauca.edu.co\/wp-content\/uploads\/2024\/05\/ANEXO_2_Carta_Mesa_Trabajo_Municipal.pdf\u00bb link_option_url_new_window=\u00bbon\u00bb box_shadow_style=\u00bbpreset7&#8243; box_shadow_horizontal=\u00bb-1px\u00bb box_shadow_vertical=\u00bb-1px\u00bb box_shadow_color=\u00bbrgba(71,74,182,0.12)\u00bb image_max_width=\u00bb64px\u00bb locked=\u00bboff\u00bb global_colors_info=\u00bb{}\u00bb][\/et_pb_blurb][et_pb_blurb title=\u00bbCarta a las Mesas de Trabajo Foro Educativo Departamental\u00bb url=\u00bbhttps:\/\/www.sedarauca.edu.co\/wp-content\/uploads\/2024\/05\/ANEXO_3_Carta_Mesa_Trabajo_Departamental.pdf\u00bb url_new_window=\u00bbon\u00bb image=\u00bbhttps:\/\/www.sedarauca.edu.co\/wp-content\/uploads\/2024\/05\/CForo-3.jpg\u00bb icon_placement=\u00bbleft\u00bb image_icon_width=\u00bb64px\u00bb content_max_width=\u00bb1100px\u00bb _builder_version=\u00bb4.25.1&#8243; header_font=\u00bb|on|||\u00bb header_text_color=\u00bb#2e2545&#8243; header_line_height=\u00bb1.5em\u00bb body_text_color=\u00bb#8585bd\u00bb body_line_height=\u00bb1.9em\u00bb background_color=\u00bb#ffffff\u00bb custom_margin=\u00bb|||\u00bb custom_padding=\u00bb30px|30px|30px|30px\u00bb animation_style=\u00bbzoom\u00bb animation_direction=\u00bbbottom\u00bb animation_intensity_zoom=\u00bb20%\u00bb animation_starting_opacity=\u00bb100%\u00bb link_option_url=\u00bbhttps:\/\/www.sedarauca.edu.co\/wp-content\/uploads\/2024\/05\/ANEXO_3_Carta_Mesa_Trabajo_Departamental.pdf\u00bb link_option_url_new_window=\u00bbon\u00bb box_shadow_style=\u00bbpreset7&#8243; box_shadow_horizontal=\u00bb-1px\u00bb box_shadow_vertical=\u00bb-1px\u00bb box_shadow_color=\u00bbrgba(71,74,182,0.12)\u00bb image_max_width=\u00bb64px\u00bb locked=\u00bboff\u00bb global_colors_info=\u00bb{}\u00bb][\/et_pb_blurb][et_pb_blurb title=\u00bbPreguntas Orientadoras por Mesas de Trabajo Instituciones Educativas\u00bb url=\u00bbhttps:\/\/www.sedarauca.edu.co\/wp-content\/uploads\/2024\/05\/ANEXO_4_Preguntas_Orientadoras_Mesas-Trabajo-Instituciones-Educativas.pdf\u00bb url_new_window=\u00bbon\u00bb image=\u00bbhttps:\/\/www.sedarauca.edu.co\/wp-content\/uploads\/2024\/05\/CForo-4.jpg\u00bb icon_placement=\u00bbleft\u00bb image_icon_width=\u00bb64px\u00bb content_max_width=\u00bb1100px\u00bb _builder_version=\u00bb4.25.1&#8243; header_font=\u00bb|on|||\u00bb header_text_color=\u00bb#2e2545&#8243; header_line_height=\u00bb1.5em\u00bb body_text_color=\u00bb#8585bd\u00bb body_line_height=\u00bb1.9em\u00bb background_color=\u00bb#ffffff\u00bb custom_margin=\u00bb|||\u00bb custom_padding=\u00bb30px|30px|30px|30px\u00bb animation_style=\u00bbzoom\u00bb animation_direction=\u00bbbottom\u00bb animation_intensity_zoom=\u00bb20%\u00bb animation_starting_opacity=\u00bb100%\u00bb link_option_url=\u00bbhttps:\/\/www.sedarauca.edu.co\/wp-content\/uploads\/2024\/05\/ANEXO_4_Preguntas_Orientadoras_Mesas-Trabajo-Instituciones-Educativas.pdf\u00bb link_option_url_new_window=\u00bbon\u00bb box_shadow_style=\u00bbpreset7&#8243; box_shadow_horizontal=\u00bb-1px\u00bb box_shadow_vertical=\u00bb-1px\u00bb box_shadow_color=\u00bbrgba(71,74,182,0.12)\u00bb image_max_width=\u00bb64px\u00bb locked=\u00bboff\u00bb global_colors_info=\u00bb{}\u00bb][\/et_pb_blurb][et_pb_blurb title=\u00bbCarta y preguntas orientadoras a la Mesa de Trabajo de Articulaci\u00f3n local a las Pol\u00edticas y Estrategias Educativas definidas en el Plan Nacional de Desarrollo 2022 \u2013 2026. Foro Educativo Municipal\u00bb url=\u00bbhttps:\/\/www.sedarauca.edu.co\/wp-content\/uploads\/2024\/05\/ANEXO_5_Carta_Preguntas_Orientadoras_Foro_Municipal.pdf\u00bb url_new_window=\u00bbon\u00bb image=\u00bbhttps:\/\/www.sedarauca.edu.co\/wp-content\/uploads\/2024\/05\/CForo-5.jpg\u00bb icon_placement=\u00bbleft\u00bb image_icon_width=\u00bb64px\u00bb content_max_width=\u00bb1100px\u00bb _builder_version=\u00bb4.25.1&#8243; header_font=\u00bb|on|||\u00bb header_text_color=\u00bb#2e2545&#8243; header_line_height=\u00bb1.5em\u00bb body_text_color=\u00bb#8585bd\u00bb body_line_height=\u00bb1.9em\u00bb background_color=\u00bb#ffffff\u00bb custom_margin=\u00bb|||\u00bb custom_padding=\u00bb30px|30px|30px|30px\u00bb animation_style=\u00bbzoom\u00bb animation_direction=\u00bbbottom\u00bb animation_intensity_zoom=\u00bb20%\u00bb animation_starting_opacity=\u00bb100%\u00bb link_option_url=\u00bbhttps:\/\/www.sedarauca.edu.co\/wp-content\/uploads\/2024\/05\/ANEXO_5_Carta_Preguntas_Orientadoras_Foro_Municipal.pdf\u00bb link_option_url_new_window=\u00bbon\u00bb box_shadow_style=\u00bbpreset7&#8243; box_shadow_horizontal=\u00bb-1px\u00bb box_shadow_vertical=\u00bb-1px\u00bb box_shadow_color=\u00bbrgba(71,74,182,0.12)\u00bb image_max_width=\u00bb64px\u00bb locked=\u00bboff\u00bb global_colors_info=\u00bb{}\u00bb][\/et_pb_blurb][et_pb_blurb title=\u00bbCarta y preguntas orientadoras a la Mesa de Trabajo de Articulaci\u00f3n Departamental a las Pol\u00edticas y Estrategias Educativas definidas en el Plan Nacional de Desarrollo 2022 \u2013 2026. Foro Educativo Departamental.\u00bb url=\u00bbhttps:\/\/www.sedarauca.edu.co\/wp-content\/uploads\/2024\/05\/ANEXO_6_Carta_Preguntas_Mesa_Articulacion_Politicas_PDN_Foro-Departamental.pdf\u00bb url_new_window=\u00bbon\u00bb image=\u00bbhttps:\/\/www.sedarauca.edu.co\/wp-content\/uploads\/2024\/05\/CForo-6.jpg\u00bb icon_placement=\u00bbleft\u00bb image_icon_width=\u00bb64px\u00bb content_max_width=\u00bb1100px\u00bb _builder_version=\u00bb4.25.1&#8243; header_font=\u00bb|on|||\u00bb header_text_color=\u00bb#2e2545&#8243; header_line_height=\u00bb1.5em\u00bb body_text_color=\u00bb#8585bd\u00bb body_line_height=\u00bb1.9em\u00bb background_color=\u00bb#ffffff\u00bb custom_margin=\u00bb|||\u00bb custom_padding=\u00bb30px|30px|30px|30px\u00bb animation_style=\u00bbzoom\u00bb animation_direction=\u00bbbottom\u00bb animation_intensity_zoom=\u00bb20%\u00bb animation_starting_opacity=\u00bb100%\u00bb link_option_url=\u00bbhttps:\/\/www.sedarauca.edu.co\/wp-content\/uploads\/2024\/05\/ANEXO_6_Carta_Preguntas_Mesa_Articulacion_Politicas_PDN_Foro-Departamental.pdf\u00bb link_option_url_new_window=\u00bbon\u00bb box_shadow_style=\u00bbpreset7&#8243; box_shadow_horizontal=\u00bb-1px\u00bb box_shadow_vertical=\u00bb-1px\u00bb box_shadow_color=\u00bbrgba(71,74,182,0.12)\u00bb image_max_width=\u00bb64px\u00bb locked=\u00bboff\u00bb global_colors_info=\u00bb{}\u00bb][\/et_pb_blurb][et_pb_blurb title=\u00bbCarta y preguntas orientadoras a la Mesa de Trabajo de Educaci\u00f3n propia e intercultural. Foro Educativo Departamental.\u00bb url=\u00bbhttps:\/\/www.sedarauca.edu.co\/wp-content\/uploads\/2024\/05\/ANEXO_7_Carta_Preguntas_Mesa_Intercultural_Foro-Dptal.pdf\u00bb url_new_window=\u00bbon\u00bb image=\u00bbhttps:\/\/www.sedarauca.edu.co\/wp-content\/uploads\/2024\/05\/CForo-7.jpg\u00bb icon_placement=\u00bbleft\u00bb image_icon_width=\u00bb64px\u00bb content_max_width=\u00bb1100px\u00bb _builder_version=\u00bb4.25.1&#8243; header_font=\u00bb|on|||\u00bb header_text_color=\u00bb#2e2545&#8243; header_line_height=\u00bb1.5em\u00bb body_text_color=\u00bb#8585bd\u00bb body_line_height=\u00bb1.9em\u00bb background_color=\u00bb#ffffff\u00bb custom_margin=\u00bb|||\u00bb custom_padding=\u00bb30px|30px|30px|30px\u00bb animation_style=\u00bbzoom\u00bb animation_direction=\u00bbbottom\u00bb animation_intensity_zoom=\u00bb20%\u00bb animation_starting_opacity=\u00bb100%\u00bb link_option_url=\u00bbhttps:\/\/www.sedarauca.edu.co\/wp-content\/uploads\/2024\/05\/ANEXO_7_Carta_Preguntas_Mesa_Intercultural_Foro-Dptal.pdf\u00bb link_option_url_new_window=\u00bbon\u00bb box_shadow_style=\u00bbpreset7&#8243; box_shadow_horizontal=\u00bb-1px\u00bb box_shadow_vertical=\u00bb-1px\u00bb box_shadow_color=\u00bbrgba(71,74,182,0.12)\u00bb image_max_width=\u00bb64px\u00bb locked=\u00bboff\u00bb global_colors_info=\u00bb{}\u00bb][\/et_pb_blurb][et_pb_blurb title=\u00bbCircular Externa 0154 de 2024 &#8211; Foro Educativo Territorial 2024&#8243; url=\u00bbhttps:\/\/www.sedarauca.edu.co\/wp-content\/uploads\/2024\/05\/Circular-Externa-0154-de-2024_Foro-Educativo-Territorial-2024.pdf\u00bb url_new_window=\u00bbon\u00bb image=\u00bbhttps:\/\/www.sedarauca.edu.co\/wp-content\/uploads\/2024\/05\/CForo-CE-.jpg\u00bb icon_placement=\u00bbleft\u00bb image_icon_width=\u00bb64px\u00bb content_max_width=\u00bb1100px\u00bb _builder_version=\u00bb4.25.1&#8243; header_font=\u00bb|on|||\u00bb header_text_color=\u00bb#2e2545&#8243; header_line_height=\u00bb1.5em\u00bb body_text_color=\u00bb#8585bd\u00bb body_line_height=\u00bb1.9em\u00bb background_color=\u00bb#ffffff\u00bb custom_margin=\u00bb|||\u00bb custom_padding=\u00bb30px|30px|30px|30px\u00bb animation_style=\u00bbzoom\u00bb animation_direction=\u00bbbottom\u00bb animation_intensity_zoom=\u00bb20%\u00bb animation_starting_opacity=\u00bb100%\u00bb link_option_url=\u00bbhttps:\/\/www.sedarauca.edu.co\/wp-content\/uploads\/2024\/05\/Circular-Externa-0154-de-2024_Foro-Educativo-Territorial-2024.pdf\u00bb link_option_url_new_window=\u00bbon\u00bb box_shadow_style=\u00bbpreset7&#8243; box_shadow_horizontal=\u00bb-1px\u00bb box_shadow_vertical=\u00bb-1px\u00bb box_shadow_color=\u00bbrgba(71,74,182,0.12)\u00bb image_max_width=\u00bb64px\u00bb locked=\u00bboff\u00bb global_colors_info=\u00bb{}\u00bb][\/et_pb_blurb][\/et_pb_column_inner][\/et_pb_row_inner][\/et_pb_column][\/et_pb_section][et_pb_section fb_built=\u00bb1&#8243; _builder_version=\u00bb4.21.0&#8243; _module_preset=\u00bbdefault\u00bb custom_margin=\u00bb-100px||-30px||false|false\u00bb global_colors_info=\u00bb{}\u00bb][et_pb_row _builder_version=\u00bb4.21.0&#8243; _module_preset=\u00bbdefault\u00bb global_colors_info=\u00bb{}\u00bb][et_pb_column type=\u00bb4_4&#8243; _builder_version=\u00bb4.21.0&#8243; _module_preset=\u00bbdefault\u00bb global_colors_info=\u00bb{}\u00bb][et_pb_divider color=\u00bb#8300E9&#8243; divider_style=\u00bbdouble\u00bb divider_position=\u00bbcenter\u00bb _builder_version=\u00bb4.21.0&#8243; _module_preset=\u00bbdefault\u00bb border_radii=\u00bbon|30px|30px|30px|30px\u00bb global_colors_info=\u00bb{}\u00bb][\/et_pb_divider][\/et_pb_column][\/et_pb_row][\/et_pb_section]<\/p>\n","protected":false},"excerpt":{"rendered":"<p>Foro Educativo TerritorialLos Foros Educativos son una oportunidad que brinda la Ley General de Educaci\u00f3n \u2013 115 de 1994 \u2013 para reflexionar y proponer estrategias de mejoramiento de la pertinencia y la calidad educativa. Como punto de partida para la Transformaci\u00f3n Educativa se considera importante volver a posicionar el quehacer pedag\u00f3gico como elemento fundamental en [&hellip;]<\/p>\n","protected":false},"author":1,"featured_media":0,"parent":0,"menu_order":0,"comment_status":"closed","ping_status":"closed","template":"","meta":{"_et_pb_use_builder":"on","_et_pb_old_content":"","_et_gb_content_width":"","footnotes":""},"class_list":["post-8683","page","type-page","status-publish","hentry"],"_links":{"self":[{"href":"https:\/\/www.sedarauca.edu.co\/index.php\/wp-json\/wp\/v2\/pages\/8683","targetHints":{"allow":["GET"]}}],"collection":[{"href":"https:\/\/www.sedarauca.edu.co\/index.php\/wp-json\/wp\/v2\/pages"}],"about":[{"href":"https:\/\/www.sedarauca.edu.co\/index.php\/wp-json\/wp\/v2\/types\/page"}],"author":[{"embeddable":true,"href":"https:\/\/www.sedarauca.edu.co\/index.php\/wp-json\/wp\/v2\/users\/1"}],"replies":[{"embeddable":true,"href":"https:\/\/www.sedarauca.edu.co\/index.php\/wp-json\/wp\/v2\/comments?post=8683"}],"version-history":[{"count":20,"href":"https:\/\/www.sedarauca.edu.co\/index.php\/wp-json\/wp\/v2\/pages\/8683\/revisions"}],"predecessor-version":[{"id":14762,"href":"https:\/\/www.sedarauca.edu.co\/index.php\/wp-json\/wp\/v2\/pages\/8683\/revisions\/14762"}],"wp:attachment":[{"href":"https:\/\/www.sedarauca.edu.co\/index.php\/wp-json\/wp\/v2\/media?parent=8683"}],"curies":[{"name":"wp","href":"https:\/\/api.w.org\/{rel}","templated":true}]}}